{"id":1822,"date":"2023-11-05T08:35:50","date_gmt":"2023-11-05T08:35:50","guid":{"rendered":"https:\/\/swissmedmusica.ch\/?page_id=1822"},"modified":"2025-05-28T14:04:29","modified_gmt":"2025-05-28T14:04:29","slug":"therapieangebote","status":"publish","type":"page","link":"https:\/\/swissmedmusica.ch\/en\/therapieangebote\/","title":{"rendered":"Therapy offers"},"content":{"rendered":"<section class=\"wpb-content-wrapper\"><p>[vc_row][vc_column][vc_column_text]Our members are free to decide what information they make public in our list. Some prefer not to make any freely available information available at all. In addition to the services listed here, there are others that can be suggested by our <a href=\"https:\/\/swissmedmusica.ch\/en\/beratung\/\">advice centre<\/a>, particularly with regard to very specific clinical pictures.<br \/>\n<div class=\"wrap pdb-list pdb-instance-1 participants-database\" id=\"participants-list-1\">\n    <table class=\"wp-list-table widefat fixed pages list-container\" >\n\n              \n\n    \n      <thead>\n        <tr>\n          <th class=\"city\" scope=\"col\">Ort<\/th><th class=\"angezeigter_name\" scope=\"col\">Angezeigter Name<\/th><th class=\"angebot\" scope=\"col\">T\u00e4tigkeiten<\/th>        <\/tr>\n      <\/thead>\n\n      <tbody>\n                    <tr>\n    \n              <td class=\"city-field\">\n                \n                    <\/td>\n\n          \n              <td class=\"angezeigter_name-field\">\n                \n      <a href=\"https:\/\/swissmedmusica.ch\/en\/detail-therapieangebote\/?pdb=132\">Ana Oltean Zehnder<\/a>              <\/td>\n\n          \n              <td class=\"angebot-field\">\n                \n      Musikerin, Unterricht, Musik-Vermittlung              <\/td>\n\n                    <\/tr>\n            <tr>\n    \n              <td class=\"city-field\">\n                \n                    <\/td>\n\n          \n              <td class=\"angezeigter_name-field\">\n                \n      <a href=\"https:\/\/swissmedmusica.ch\/en\/detail-therapieangebote\/?pdb=138\">Lina Schwob<\/a>              <\/td>\n\n          \n              <td class=\"angebot-field\">\n                \n      Pianistin, Klavierp\u00e4dagogin, Dozentin Musikphysiologie              <\/td>\n\n                    <\/tr>\n            <tr>\n    \n              <td class=\"city-field\">\n                \n                    <\/td>\n\n          \n              <td class=\"angezeigter_name-field\">\n                \n      <a href=\"https:\/\/swissmedmusica.ch\/en\/detail-therapieangebote\/?pdb=220\">Prof. Dr. Veronika Jana Lubert<\/a>              <\/td>\n\n          \n              <td class=\"angebot-field\">\n                \n      Psychologisches Coaching, Probespieltraining              <\/td>\n\n                    <\/tr>\n            <tr>\n    \n              <td class=\"city-field\">\n                \n      Allschwil              <\/td>\n\n          \n              <td class=\"angezeigter_name-field\">\n                \n      <a href=\"https:\/\/swissmedmusica.ch\/en\/detail-therapieangebote\/?pdb=11\">Dr. med. dent. Markus Keller<\/a>              <\/td>\n\n          \n              <td class=\"angebot-field\">\n                \n      Zahnmedizin              <\/td>\n\n                    <\/tr>\n            <tr>\n    \n              <td class=\"city-field\">\n                \n      Allschwil              <\/td>\n\n          \n              <td class=\"angezeigter_name-field\">\n                \n      <a href=\"https:\/\/swissmedmusica.ch\/en\/detail-therapieangebote\/?pdb=231\">Dr. med. dent. Pascal Sch\u00f6nenberger<\/a>              <\/td>\n\n          \n              <td class=\"angebot-field\">\n                \n      Zahnarzt              <\/td>\n\n                    <\/tr>\n            <tr>\n    \n              <td class=\"city-field\">\n                \n      Baden              <\/td>\n\n          \n              <td class=\"angezeigter_name-field\">\n                \n      <a href=\"https:\/\/swissmedmusica.ch\/en\/detail-therapieangebote\/?pdb=167\">Dr. med. Christina Ryser<\/a>              <\/td>\n\n          \n              <td class=\"angebot-field\">\n                \n      Rheumatologie FMH, Allg. innere Medizin FMH, Manuelle Medizin Ultraschall Bewegungsapparat              <\/td>\n\n                    <\/tr>\n            <tr>\n    \n              <td class=\"city-field\">\n                \n      Baden              <\/td>\n\n          \n              <td class=\"angezeigter_name-field\">\n                \n      <a href=\"https:\/\/swissmedmusica.ch\/en\/detail-therapieangebote\/?pdb=171\">Mario Schenker<\/a>              <\/td>\n\n          \n              <td class=\"angebot-field\">\n                \n      dipl. AlexanderTechnik-Therapeut SBAT \/ MA Musikp\u00e4dagogik ZHdK (Saxofon)              <\/td>\n\n                    <\/tr>\n            <tr>\n    \n              <td class=\"city-field\">\n                \n      Basel              <\/td>\n\n          \n              <td class=\"angezeigter_name-field\">\n                \n      <a href=\"https:\/\/swissmedmusica.ch\/en\/detail-therapieangebote\/?pdb=87\">Katrin Mathieu<\/a>              <\/td>\n\n          \n              <td class=\"angebot-field\">\n                \n      Physiotherapie bei Schmerzproblematiken oder nach Operationen, Haltungsprobleme              <\/td>\n\n                    <\/tr>\n            <tr>\n    \n              <td class=\"city-field\">\n                \n      Basel              <\/td>\n\n          \n              <td class=\"angezeigter_name-field\">\n                \n      <a href=\"https:\/\/swissmedmusica.ch\/en\/detail-therapieangebote\/?pdb=157\">Claudia Moppert<\/a>              <\/td>\n\n          \n              <td class=\"angebot-field\">\n                \n      Ergotherapeutin, Musikerin, CAS Musikphysiologie Basic und Intermediate. Behandlung von MusikerInnen mit \u00dcberlastungssydromen              <\/td>\n\n                    <\/tr>\n            <tr>\n    \n              <td class=\"city-field\">\n                \n      Basel              <\/td>\n\n          \n              <td class=\"angezeigter_name-field\">\n                \n      <a href=\"https:\/\/swissmedmusica.ch\/en\/detail-therapieangebote\/?pdb=159\">Ingeborg Poffet<\/a>              <\/td>\n\n          \n              <td class=\"angebot-field\">\n                \n      Natur\u00e4rztin Schwerpunkt Musikermedizin, Musikerin              <\/td>\n\n                    <\/tr>\n            <tr>\n    \n              <td class=\"city-field\">\n                \n      Basel              <\/td>\n\n          \n              <td class=\"angezeigter_name-field\">\n                \n      <a href=\"https:\/\/swissmedmusica.ch\/en\/detail-therapieangebote\/?pdb=186\">Mojca Gal<\/a>              <\/td>\n\n          \n              <td class=\"angebot-field\">\n                \n      Pilates, Atemtraining              <\/td>\n\n                    <\/tr>\n            <tr>\n    \n              <td class=\"city-field\">\n                \n      Bern              <\/td>\n\n          \n              <td class=\"angezeigter_name-field\">\n                \n      <a href=\"https:\/\/swissmedmusica.ch\/en\/detail-therapieangebote\/?pdb=14\">Dr. med. dent. Thomas Liechti<\/a>              <\/td>\n\n          \n              <td class=\"angebot-field\">\n                \n      Allg. Zahnmedizin              <\/td>\n\n                    <\/tr>\n            <tr>\n    \n              <td class=\"city-field\">\n                \n      Bern              <\/td>\n\n          \n              <td class=\"angezeigter_name-field\">\n                \n      <a href=\"https:\/\/swissmedmusica.ch\/en\/detail-therapieangebote\/?pdb=136\">Annina Schenker<\/a>              <\/td>\n\n          \n              <td class=\"angebot-field\">\n                \n      Musikerin \/ Musikphysiologin              <\/td>\n\n                    <\/tr>\n            <tr>\n    \n              <td class=\"city-field\">\n                \n      Biel              <\/td>\n\n          \n              <td class=\"angezeigter_name-field\">\n                \n      <a href=\"https:\/\/swissmedmusica.ch\/en\/detail-therapieangebote\/?pdb=211\">J\u00f6rg Schneider<\/a>              <\/td>\n\n          \n              <td class=\"angebot-field\">\n                \n      langj\u00e4hriger Orchestermusiker; Sophrologie (nach Caycedo) Stress-\/ und Schmerzpr\u00e4vention  ASCA und EMR anerkannt              <\/td>\n\n                    <\/tr>\n            <tr>\n    \n              <td class=\"city-field\">\n                \n      Biel \/ Bienne              <\/td>\n\n          \n              <td class=\"angezeigter_name-field\">\n                \n      <a href=\"https:\/\/swissmedmusica.ch\/en\/detail-therapieangebote\/?pdb=169\">Laetitia Induni<\/a>              <\/td>\n\n          \n              <td class=\"angebot-field\">\n                \n      Osteopathin CDS-GDK, MSc in Performing Arts Medicine (UCL)              <\/td>\n\n                    <\/tr>\n            <tr>\n    \n              <td class=\"city-field\">\n                \n      Biel\/Bienne              <\/td>\n\n          \n              <td class=\"angezeigter_name-field\">\n                \n      <a href=\"https:\/\/swissmedmusica.ch\/en\/detail-therapieangebote\/?pdb=75\">Franziska Lindenberg<\/a>              <\/td>\n\n          \n              <td class=\"angebot-field\">\n                \n      Ergotherapie Fachgebiet Handtherapie              <\/td>\n\n                    <\/tr>\n            <tr>\n    \n              <td class=\"city-field\">\n                \n      Biel\/Bienne, Bern und L\u00fctzelfl\u00fch              <\/td>\n\n          \n              <td class=\"angezeigter_name-field\">\n                \n      <a href=\"https:\/\/swissmedmusica.ch\/en\/detail-therapieangebote\/?pdb=79\">Lena Girard<\/a>              <\/td>\n\n          \n              <td class=\"angebot-field\">\n                \n      Klavierlehrerin, Pianistin und Alexander-Technik-Lehrerin              <\/td>\n\n                    <\/tr>\n            <tr>\n    \n              <td class=\"city-field\">\n                \n      Bremgarten              <\/td>\n\n          \n              <td class=\"angezeigter_name-field\">\n                \n      <a href=\"https:\/\/swissmedmusica.ch\/en\/detail-therapieangebote\/?pdb=163\">Marjan Steenbeek<\/a>              <\/td>\n\n          \n              <td class=\"angebot-field\">\n                \n      Physiotherapie Beratungsstelle Swissmedmusica              <\/td>\n\n                    <\/tr>\n            <tr>\n    \n              <td class=\"city-field\">\n                \n      Bulle              <\/td>\n\n          \n              <td class=\"angezeigter_name-field\">\n                \n      <a href=\"https:\/\/swissmedmusica.ch\/en\/detail-therapieangebote\/?pdb=73\">Viviane Bussmann<\/a>              <\/td>\n\n          \n              <td class=\"angebot-field\">\n                \n      Ergoth\u00e9rapeute (Ergotherapie)              <\/td>\n\n                    <\/tr>\n            <tr>\n    \n              <td class=\"city-field\">\n                \n      Chur              <\/td>\n\n          \n              <td class=\"angezeigter_name-field\">\n                \n      <a href=\"https:\/\/swissmedmusica.ch\/en\/detail-therapieangebote\/?pdb=126\">Lilian K\u00f6hli<\/a>              <\/td>\n\n          \n              <td class=\"angebot-field\">\n                \n      Gesangsp\u00e4dagogin Kulturmanagerin Dirigentin und S\u00e4ngerin              <\/td>\n\n                    <\/tr>\n            <tr>\n    \n              <td class=\"city-field\">\n                \n      Effretikon              <\/td>\n\n          \n              <td class=\"angezeigter_name-field\">\n                \n      <a href=\"https:\/\/swissmedmusica.ch\/en\/detail-therapieangebote\/?pdb=48\">Susanne John<\/a>              <\/td>\n\n          \n              <td class=\"angebot-field\">\n                \n      Klarinettistin, Berat. f\u00fcr Stress- + Selbstmanagement , Fachfr. f\u00fcr med. Autogenes Training, Fachfr. f\u00fcr med. Progressive Muskelentspannung, Fachfr. f\u00fcr med. Achtsamkeits-Interozeption\u00ae, Fachkraft Spiraldynamik\u00ae, Fortbildung PEP\u00ae(nach Dr. Bohne)              <\/td>\n\n                    <\/tr>\n            <tr>\n    \n              <td class=\"city-field\">\n                \n      Evilard              <\/td>\n\n          \n              <td class=\"angezeigter_name-field\">\n                \n      <a href=\"https:\/\/swissmedmusica.ch\/en\/detail-therapieangebote\/?pdb=61\">Susanne Steinmann<\/a>              <\/td>\n\n          \n              <td class=\"angebot-field\">\n                \n      Klavierlehrerin Feldenkraislehrerin              <\/td>\n\n                    <\/tr>\n            <tr>\n    \n              <td class=\"city-field\">\n                \n      Fribourg              <\/td>\n\n          \n              <td class=\"angezeigter_name-field\">\n                \n      <a href=\"https:\/\/swissmedmusica.ch\/en\/detail-therapieangebote\/?pdb=189\">Dr. Med. Andr\u00e9 Kuntz<\/a>              <\/td>\n\n          \n              <td class=\"angebot-field\">\n                \n      Arzt und Psychiater\/Psychotherapeut              <\/td>\n\n                    <\/tr>\n            <tr>\n    \n              <td class=\"city-field\">\n                \n      G\u00fcmligen              <\/td>\n\n          \n              <td class=\"angezeigter_name-field\">\n                \n      <a href=\"https:\/\/swissmedmusica.ch\/en\/detail-therapieangebote\/?pdb=175\">Andrea Keller<\/a>              <\/td>\n\n          \n              <td class=\"angebot-field\">\n                \n      K\u00f6rper-, Stimme-, -Mental-Coaching Feldenkrais Gesangsunterricht Mentaltraining              <\/td>\n\n                    <\/tr>\n            <tr>\n    \n              <td class=\"city-field\">\n                \n      Hittnau              <\/td>\n\n          \n              <td class=\"angezeigter_name-field\">\n                \n      <a href=\"https:\/\/swissmedmusica.ch\/en\/detail-therapieangebote\/?pdb=78\">Brigitte Gerber-Zaugg<\/a>              <\/td>\n\n          \n              <td class=\"angebot-field\">\n                \n      Physiotherapie              <\/td>\n\n                    <\/tr>\n            <tr>\n    \n              <td class=\"city-field\">\n                \n      Jegenstorf              <\/td>\n\n          \n              <td class=\"angezeigter_name-field\">\n                \n      <a href=\"https:\/\/swissmedmusica.ch\/en\/detail-therapieangebote\/?pdb=227\">V\u00e9ronique van der Zypen<\/a>              <\/td>\n\n          \n              <td class=\"angebot-field\">\n                \n      Physiotherapeutin, Handtherapeutin, Illustratorin              <\/td>\n\n                    <\/tr>\n            <tr>\n    \n              <td class=\"city-field\">\n                \n      Langnau im Emmental              <\/td>\n\n          \n              <td class=\"angezeigter_name-field\">\n                \n      <a href=\"https:\/\/swissmedmusica.ch\/en\/detail-therapieangebote\/?pdb=219\">Rebecca Ankenbrand<\/a>              <\/td>\n\n          \n              <td class=\"angebot-field\">\n                \n      Kinesiologin, Klarinettistin, Musikp\u00e4dagogin              <\/td>\n\n                    <\/tr>\n            <tr>\n    \n              <td class=\"city-field\">\n                \n      Laufen BL              <\/td>\n\n          \n              <td class=\"angezeigter_name-field\">\n                \n      <a href=\"https:\/\/swissmedmusica.ch\/en\/detail-therapieangebote\/?pdb=85\">Annelise Kohler<\/a>              <\/td>\n\n          \n              <td class=\"angebot-field\">\n                \n      Feldenkrais in eigener Praxis in Gruppen (\u00abBewusstheit durch Bewegung\u00bb) und Einzelstunden (\u00abFunktionale Integration\u00bb) \/ Gesangsunterricht              <\/td>\n\n                    <\/tr>\n            <tr>\n    \n              <td class=\"city-field\">\n                \n      Liebefeld              <\/td>\n\n          \n              <td class=\"angezeigter_name-field\">\n                \n      <a href=\"https:\/\/swissmedmusica.ch\/en\/detail-therapieangebote\/?pdb=88\">Sibylle Meier Kronawitter<\/a>              <\/td>\n\n          \n              <td class=\"angebot-field\">\n                \n      Physiotherapie              <\/td>\n\n                    <\/tr>\n            <tr>\n    \n              <td class=\"city-field\">\n                \n      Luzern              <\/td>\n\n          \n              <td class=\"angezeigter_name-field\">\n                \n      <a href=\"https:\/\/swissmedmusica.ch\/en\/detail-therapieangebote\/?pdb=65\">Jutta Winkler<\/a>              <\/td>\n\n          \n              <td class=\"angebot-field\">\n                \n      S\u00e4ngerin &amp; Gesangsp\u00e4dagogin              <\/td>\n\n                    <\/tr>\n        <\/tbody>\n\n\n  <\/table>\n  <div data-action=\"pdb_list_filter\" class=\"pagination pdb-pagination \"><ul><li class=\"disabled\"><span><span title=\"Previous\" class=\"dashicons dashicons-previous-page\"><\/span><\/span><\/li> <li class=\"currentpage\"><span>1<\/span><\/li> <li class=\"direct-page\"><a href=\"\/en\/wp-json\/wp\/v2\/pages\/1822?listpage=2&amp;instance=1\" data-page=\"2\">2<\/a><\/li><li class=\"direct-page\"><a href=\"\/en\/wp-json\/wp\/v2\/pages\/1822?listpage=3&amp;instance=1\" data-page=\"3\">3<\/a><\/li><li class=\"nextpage\"><a title=\"Next\" href=\"\/en\/wp-json\/wp\/v2\/pages\/1822?listpage=2&amp;instance=1\" data-page=\"2\"><span class=\"dashicons dashicons-next-page\"><\/span><\/a><\/li><\/ul><\/div><\/div>[\/vc_column_text][\/vc_column][\/vc_row]<\/p>\n<\/section>","protected":false},"excerpt":{"rendered":"<p>[vc_row][vc_column][vc_column_text]Our members are free to decide what information they make public in our list. Some prefer not to make any freely available information available at all. In addition to the &hellip; <a href=\"https:\/\/swissmedmusica.ch\/en\/therapieangebote\/\" class=\"more-link\">Continue reading<span class=\"screen-reader-text\"> &#8220;Therapy offers&#8221;<\/span><\/a><\/p>\n","protected":false},"author":1,"featured_media":0,"parent":0,"menu_order":0,"comment_status":"closed","ping_status":"closed","template":"","meta":{"footnotes":""},"class_list":["post-1822","page","type-page","status-publish","hentry"],"translation":{"provider":"WPGlobus","version":"3.0.5","language":"en","enabled_languages":["de","fr","it","en"],"languages":{"de":{"title":true,"content":true,"excerpt":false},"fr":{"title":true,"content":true,"excerpt":false},"it":{"title":true,"content":true,"excerpt":false},"en":{"title":true,"content":true,"excerpt":false}}},"_links":{"self":[{"href":"https:\/\/swissmedmusica.ch\/en\/wp-json\/wp\/v2\/pages\/1822","targetHints":{"allow":["GET"]}}],"collection":[{"href":"https:\/\/swissmedmusica.ch\/en\/wp-json\/wp\/v2\/pages"}],"about":[{"href":"https:\/\/swissmedmusica.ch\/en\/wp-json\/wp\/v2\/types\/page"}],"author":[{"embeddable":true,"href":"https:\/\/swissmedmusica.ch\/en\/wp-json\/wp\/v2\/users\/1"}],"replies":[{"embeddable":true,"href":"https:\/\/swissmedmusica.ch\/en\/wp-json\/wp\/v2\/comments?post=1822"}],"version-history":[{"count":11,"href":"https:\/\/swissmedmusica.ch\/en\/wp-json\/wp\/v2\/pages\/1822\/revisions"}],"predecessor-version":[{"id":2306,"href":"https:\/\/swissmedmusica.ch\/en\/wp-json\/wp\/v2\/pages\/1822\/revisions\/2306"}],"wp:attachment":[{"href":"https:\/\/swissmedmusica.ch\/en\/wp-json\/wp\/v2\/media?parent=1822"}],"curies":[{"name":"wp","href":"https:\/\/api.w.org\/{rel}","templated":true}]}}