{"id":144,"date":"2020-07-04T07:28:05","date_gmt":"2020-07-04T07:28:05","guid":{"rendered":"http:\/\/musikermedizin-beta.ch\/?page_id=144"},"modified":"2023-06-13T12:14:44","modified_gmt":"2023-06-13T12:14:44","slug":"geschichte-der-smm","status":"publish","type":"page","link":"https:\/\/swissmedmusica.ch\/fr\/geschichte-der-smm\/","title":{"rendered":"Histoire"},"content":{"rendered":"<section class=\"wpb-content-wrapper\"><p>[vc_row][vc_column][vc_column_text]Swissmedmusica a vu le jour en 1997 \u00e0 Berne sous le nom de \u00abSoci\u00e9t\u00e9 suisse de m\u00e9decine musicale\u00bb. Les membres fondateurs \u00e9taient la musicienne Pia Bucher, le dentiste Joachim Lahme et l&#8217;entrepreneur Beat Vollmar.<\/p>\n<p>L&#8217;\u00e9l\u00e9ment d\u00e9clencheur de la fondation a \u00e9t\u00e9 le nombre toujours croissant de musiciens et musiciennes dont la capacit\u00e9 de jeu \u00e9tait limit\u00e9e, voire menac\u00e9e d&#8217;incapacit\u00e9 professionnelle, et qui ne trouvaient pas d&#8217;interlocuteur pour r\u00e9pondre \u00e0 leurs pr\u00e9occupations. De nombreuses personnes concern\u00e9es ne parlaient pas de leurs soucis et de leurs craintes. Aujourd&#8217;hui encore, le sujet semble \u00eatre tabou.<\/p>\n<p>La soci\u00e9t\u00e9 a \u00e9t\u00e9 pr\u00e9sid\u00e9e jusqu&#8217;\u00e0 pr\u00e9sent par Pia Bucher (musicienne et kin\u00e9siologue dipl\u00f4m\u00e9e, de 1997 \u00e0 2011), Martina Berchtold-Neumann (psychologue dipl\u00f4m\u00e9e FSP, de 2011 \u00e0 2020) et Wolfgang B\u00f6hler (philosophe de la musique, chef de ch\u0153ur, journaliste, depuis 2020).<\/p>\n<p>Une offre centrale de la soci\u00e9t\u00e9 \u00e9tait et est toujours (avec le soutien financier de la Fondation suisse des artistes interpr\u00e8tes, SIS) un service de conseil ind\u00e9pendant et \u00e0 bas seuil dans toute la Suisse. Il a \u00e9t\u00e9 dirig\u00e9 par Pia Bucher jusqu&#8217;en 2017, par le Dr m\u00e9d. Peter Sch\u00f6nenberger de 2017 \u00e0 2019, par le Dr m\u00e9d. Felicitas Sigrist de 2020 \u00e0 2021 et par le Dr m\u00e9d. Daniela Gut depuis 2022. Depuis 2023, il est dirig\u00e9 par la musico-physioth\u00e9rapeute Marjan Steenbeek. La soci\u00e9t\u00e9 collabore en outre avec des consultations interdisciplinaires locales pour musiciens \u00e0 Berne, Lucerne, Locarno, Zurich, Gen\u00e8ve et B\u00e2le.<\/p>\n<p>D\u00e8s 1998, la SMM s&#8217;est engag\u00e9e dans des coop\u00e9rations et des conf\u00e9rences sp\u00e9cialis\u00e9es sur la m\u00e9decine musicale aupr\u00e8s d&#8217;associations de musiciens, de conservatoires et d&#8217;\u00e9coles de musique. La m\u00eame ann\u00e9e et jusqu&#8217;en 2003, elle a organis\u00e9 des s\u00e9minaires de formation continue en Italie et au centre Hindemith de Blonay (CH). En 2001, des conf\u00e9rences sp\u00e9cialis\u00e9es et des ateliers sur le th\u00e8me de la sant\u00e9 dans les orchestres se sont en outre ajout\u00e9s dans tous les orchestres professionnels et symphoniques de Suisse. Les activit\u00e9s de recherche ont mis l&#8217;accent sur la collaboration interdisciplinaire.<\/p>\n<p>La soci\u00e9t\u00e9 dispose ainsi aujourd&#8217;hui d&#8217;un r\u00e9seau de sp\u00e9cialistes issus principalement des domaines de la m\u00e9decine, de la psychologie, de la th\u00e9rapie, de la p\u00e9dagogie et de la musique.<\/p>\n<p>Jusqu&#8217;\u00e0 pr\u00e9sent, les th\u00e8mes des symposiums \u00e9taient :<\/p>\n<p>2003 Le dos du musicien (Zurich)<br \/>\n2004 Les mains du musicien (Zurich)<br \/>\n2005 Les troubles psychiques dans la profession de musicien (Zurich)<br \/>\n2005 Troubles auditifs et corporels chez les musiciens (Lausanne)<br \/>\n2006 Aspects de la m\u00e9decine musicale dans la formation (Zurich)<br \/>\n2007 La sant\u00e9 dans la profession de musicien (Berne)<br \/>\n2008 Aspects psychosomatiques dans la m\u00e9decine musicale (B\u00e2le)<br \/>\n2009 Maladies professionnelles sp\u00e9cifiques aux musiciens et leur pr\u00e9vention (Lugano)<br \/>\n2009 L&#8217;oreille, l&#8217;\u0153il et la voix et leur coordination dans la pratique musicale (Lucerne)<br \/>\n2010 La sant\u00e9 du musicien (Gen\u00e8ve)<br \/>\n2011 Aspects ergonomiques de la pratique musicale (Berne)<br \/>\n2012 Musique dans la t\u00eate &#8211; Approche neuroscientifique de la pratique musicale (Lucerne)<br \/>\n2013 Faire de la musique en bonne sant\u00e9 pendant l&#8217;enfance et l&#8217;adolescence (Zurich)<br \/>\n2014 Faire de la musique en vieillissant (Berne)<br \/>\n2015 Stress et pratique musicale (B\u00e2le)<br \/>\n2016 Le musicien amateur (Berne)<br \/>\n2017 Entra\u00eenement mental pour musiciens (Zurich)<br \/>\n2018 Signal d&#8217;alarme : la douleur (Lucerne)<br \/>\n2019 Du num\u00e9rique au corps &#8211; orientation vers les ressources dans le quotidien du musicien (B\u00e2le)<br \/>\n2022 Un objectif &#8211; de nombreux chemins (Berne)[\/vc_column_text][\/vc_column][\/vc_row]<\/p>\n<\/section>","protected":false},"excerpt":{"rendered":"<p>[vc_row][vc_column][vc_column_text]Swissmedmusica a vu le jour en 1997 \u00e0 Berne sous le nom de \u00abSoci\u00e9t\u00e9 suisse de m\u00e9decine musicale\u00bb. Les membres fondateurs \u00e9taient la musicienne Pia Bucher, le dentiste Joachim Lahme &hellip; <a href=\"https:\/\/swissmedmusica.ch\/fr\/geschichte-der-smm\/\" class=\"more-link\">Continue reading<span class=\"screen-reader-text\"> &#8220;Histoire&#8221;<\/span><\/a><\/p>\n","protected":false},"author":1,"featured_media":0,"parent":0,"menu_order":0,"comment_status":"closed","ping_status":"closed","template":"","meta":{"footnotes":""},"class_list":["post-144","page","type-page","status-publish","hentry"],"translation":{"provider":"WPGlobus","version":"3.0.5","language":"fr","enabled_languages":["de","fr","it","en"],"languages":{"de":{"title":true,"content":true,"excerpt":false},"fr":{"title":true,"content":true,"excerpt":false},"it":{"title":true,"content":true,"excerpt":false},"en":{"title":true,"content":true,"excerpt":false}}},"_links":{"self":[{"href":"https:\/\/swissmedmusica.ch\/fr\/wp-json\/wp\/v2\/pages\/144","targetHints":{"allow":["GET"]}}],"collection":[{"href":"https:\/\/swissmedmusica.ch\/fr\/wp-json\/wp\/v2\/pages"}],"about":[{"href":"https:\/\/swissmedmusica.ch\/fr\/wp-json\/wp\/v2\/types\/page"}],"author":[{"embeddable":true,"href":"https:\/\/swissmedmusica.ch\/fr\/wp-json\/wp\/v2\/users\/1"}],"replies":[{"embeddable":true,"href":"https:\/\/swissmedmusica.ch\/fr\/wp-json\/wp\/v2\/comments?post=144"}],"version-history":[{"count":17,"href":"https:\/\/swissmedmusica.ch\/fr\/wp-json\/wp\/v2\/pages\/144\/revisions"}],"predecessor-version":[{"id":1679,"href":"https:\/\/swissmedmusica.ch\/fr\/wp-json\/wp\/v2\/pages\/144\/revisions\/1679"}],"wp:attachment":[{"href":"https:\/\/swissmedmusica.ch\/fr\/wp-json\/wp\/v2\/media?parent=144"}],"curies":[{"name":"wp","href":"https:\/\/api.w.org\/{rel}","templated":true}]}}