{"id":53,"date":"2020-06-28T08:27:56","date_gmt":"2020-06-28T08:27:56","guid":{"rendered":"http:\/\/musikermedizin-beta.ch\/?page_id=53"},"modified":"2023-05-24T14:02:56","modified_gmt":"2023-05-24T14:02:56","slug":"literatur","status":"publish","type":"page","link":"https:\/\/swissmedmusica.ch\/it\/literatur\/","title":{"rendered":"Literatur"},"content":{"rendered":"<style type=\"text\/css\">\r\n\/* Search Panel *\/\r\n.wbg-search-container {\r\n    background: #FFFFFF;\r\n    border: 0px solid #CCCCCC;\r\n    border-radius: 0px;\r\n}\r\n\/* Search Input *\/\r\n.wbg-search-container .wbg-search-item input[type=\"text\"],\r\n.selectize-control.single .selectize-input {\r\n    background-color: #FFFFFF;\r\n    color: #009900!important;\r\n    font-size: 22px;\r\n}\r\n.selectize-input input {\r\n    color: #009900!important;\r\n}\r\n\/* Search Button *\/\r\n.wbg-search-container .wbg-search-item .submit-btn {\r\n    background: #8224e3;\r\n    border: 1px solid #8224e3;\r\n    color: #FFFFFF;\r\n}\r\n.wbg-search-container .wbg-search-item .submit-btn:hover {\r\n    background: #8224e3;\r\n    color: #ffffff;\r\n}\r\n\/* Search Reset Button *\/\r\n.wbg-search-container .wbg-search-item a#wbg-search-refresh {\r\n    background: #EEEEEE;\r\n    border: 1px solid #999999;\r\n    color: #111111;\r\n    width: 45px;\r\n    font-size: 18px;\r\n}\r\n.wbg-search-container .wbg-search-item a#wbg-search-refresh:hover {\r\n    background: #6fa0df;\r\n    color: #FFFFFF;\r\n    border: 1px solid #6fa0df;\r\n}\r\n<\/style><style type=\"text\/css\">\r\n    .wbg-parent-wrapper {\r\n    background: #FFF;\r\n    border: 1px solid #FFFFFF;\r\n    max-width: 1200px;\r\n    margin-top: 0px;\r\n    margin-bottom: 0px;\r\n    padding: 0px;\r\n    border-radius: 0px;\r\n  }\r\n  .wbg-main-wrapper .wbg-item {\r\n    border: 1px solid #FFFFFF;\r\n    background-color: #ffffff;\r\n    white-space: normal;\r\n    padding-top: 10px;\r\n    padding-right: 10px;\r\n    padding-left: 10px;\r\n  }\r\n  \/*\r\n  .wbg-main-wrapper .wbg-item img {\r\n    width: ;\r\n    height: ;\r\n  }\r\n  *\/\r\n  .wbg-main-wrapper .wbg-item img:hover {\r\n      }\r\n  .wbg-main-wrapper .wbg-item a.wbg-btn {\r\n    background: #412359;\r\n    color: #FFFFFF;\r\n    font-size: 12px;\r\n  }\r\n  .wbg-main-wrapper .wbg-item a.wbg-btn:hover {\r\n    background: #412359;\r\n    color: #FFFFFF;\r\n  }\r\n  .wbg-main-wrapper .wbg-item .wgb-item-link {\r\n    color: #000000 !important;\r\n    font-size: 18px !important;\r\n  }\r\n  .wbg-main-wrapper .wbg-item .wgb-item-link:hover {\r\n    color: #412359 !important;\r\n  }\r\n  .wbg-main-wrapper .wbg-item .wbg-description-content {\r\n    font-size: 14px !important;\r\n    color: #242424 !important;\r\n  }\r\n  \r\n  @-webkit-keyframes rotation {\r\n    from {\r\n      -webkit-transform: rotate(0deg);\r\n    }\r\n    to {\r\n      -webkit-transform: rotate(360deg);\r\n    }\r\n  }\r\n\r\n  \/* List style *\/\r\n  .wbg-main-wrapper.list .wbg-item-list-wrapper {\r\n      border-bottom: 1px solid #FFFFFF;\r\n      background-color: #ffffff;\r\n      white-space: normal;\r\n  }\r\n  .wbg-main-wrapper.list .wbg-item-list-wrapper .wbg-item-list-detials .wbg-title h3.wgb-item-link,\r\n  .wbg-main-wrapper.list .wbg-item-list-wrapper .wbg-item-list-detials .wbg-title a.wgb-item-link {\r\n      color: #000000 !important;\r\n      font-size: 18px !important;\r\n  }\r\n  .wbg-main-wrapper.list .wbg-item-list-wrapper .wbg-item-list-detials .wbg-title h3.wgb-item-link:hover,\r\n  .wbg-main-wrapper.list .wbg-item-list-wrapper .wbg-item-list-detials .wbg-title a.wgb-item-link:hover {\r\n      color: #412359 !important;\r\n  }\r\n  .wbg-main-wrapper.list .wbg-item-list-wrapper .wbg-item-list-detials .regular-price .wbgp-price {\r\n    font-size: 16px;\r\n  }\r\n  .wbg-main-wrapper.list .wbg-item-list-wrapper .wbg-item-list-detials .regular-price .wbgp-price.price-after {\r\n      color: #13b651;\r\n  }\r\n  .wbg-main-wrapper.list .wbg-item-list-wrapper .wbg-item-list-detials .regular-price .wbgp-price.price-before {\r\n      color: #ff7162;\r\n  }\r\n  .wbg-main-wrapper.list .wbg-item-list-wrapper .wbg-item-list-detials span.loop-author,\r\n  .wbg-main-wrapper.list .wbg-item-list-wrapper .wbg-item-list-detials span.loop-author a.wbg-list-author {\r\n    color: #555555;\r\n    font-size: 11px !important;\r\n  }\r\n  .wbg-main-wrapper.list .wbg-item-list-wrapper .wbg-item-list-detials span.loop-category,\r\n  .wbg-main-wrapper.list .wbg-item-list-wrapper .wbg-item-list-detials span.loop-category a.wbg-list-cat {\r\n    color: #555555;\r\n    font-size: 11px !important;\r\n  }\r\n  .wbg-main-wrapper.list .wbg-item-list-wrapper .wbg-item-list-detials .wbg-description-content {\r\n      font-size: 14px !important;\r\n      color: #242424 !important;\r\n  }\r\n  .wbg-main-wrapper .wbg-item-list-wrapper a.wbg-btn {\r\n      background: #412359;\r\n      color: #FFFFFF;\r\n      font-size: 12px;\r\n  }\r\n  .wbg-main-wrapper .wbg-item-list-wrapper a.wbg-btn:hover {\r\n      background: #412359;\r\n      color: #FFFFFF;\r\n  }\r\n<\/style><div class=\"wbg-parent-wrapper\">\r\n  <form method=\"GET\" action=\"https:\/\/swissmedmusica.ch\/it\/literatur\" id=\"wbg-search-form\">\r\n    <div class=\"wrap wbg-search-container\">\r\n              <div class=\"wbg-search-item\">\r\n            <input type=\"text\" name=\"wbg_title_s\" placeholder=\"Book Title\" value=\"\">\r\n          <\/div>\r\n                      <div class=\"wbg-search-item\">\r\n                <select id=\"wbg_language_s\" name=\"wbg_language_s\" class=\"wbg-selectize\">\r\n                    <option value=\"\">All Languages<\/option>\r\n                                            <option value=\"Deutsch\"  >Deutsch<\/option>\r\n                                            <option value=\"Englisch\"  >Englisch<\/option>\r\n                                            <option value=\"English\"  >English<\/option>\r\n                                            <option value=\"Italienisch\"  >Italienisch<\/option>\r\n                                    <\/select>\r\n            <\/div>\r\n                        <div class=\"wbg-search-item\">\r\n              <select id=\"wbg_author_s\" name=\"wbg_author_s\" class=\"wbg-selectize\">\r\n                  <option value=\"\">All Authors<\/option>\r\n                                      <option value=\"Angelika Stockmann\"  >Angelika Stockmann<\/option>\r\n                                      <option value=\"Antonia Pfeiffer\"  >Antonia Pfeiffer<\/option>\r\n                                      <option value=\"B\u00e4chinger, D., Jecker, R., Hannig, JC. et al.\"  >B\u00e4chinger, D., Jecker, R., Hannig, JC. et al.<\/option>\r\n                                      <option value=\"Claudia Spahn, Bernhard Richter, Eckart Altenm\u00fcller (Hrg.)\"  >Claudia Spahn, Bernhard Richter, Eckart Altenm\u00fcller (Hrg.)<\/option>\r\n                                      <option value=\"Eileen M. Wanke, Alice Wanke\"  >Eileen M. Wanke, Alice Wanke<\/option>\r\n                                      <option value=\"Jaume Rosset-Llobet\"  >Jaume Rosset-Llobet<\/option>\r\n                                      <option value=\"Jennifer Mumm, Jens Plag, Lydia Fehm et al.\"  >Jennifer Mumm, Jens Plag, Lydia Fehm et al.<\/option>\r\n                                      <option value=\"Susanne Schlusnus\"  >Susanne Schlusnus<\/option>\r\n                                      <option value=\"Verschiedene\"  >Verschiedene<\/option>\r\n                                      <option value=\"V\u00edctor Neila\"  >V\u00edctor Neila<\/option>\r\n                                <\/select>\r\n            <\/div>\r\n            \r\n    <div class=\"wbg-search-item\">\r\n      <input type=\"submit\" class=\"button submit-btn\" value=\"Suche\">\r\n    <\/div>\r\n\r\n          <div class=\"wbg-search-item refresh\">\r\n        <a href=\"https:\/\/swissmedmusica.ch\/it\/literatur\" id=\"wbg-search-refresh\">\r\n                        <span class=\"fa fa-refresh\"><\/span>\r\n                      <\/a>\r\n      <\/div>\r\n        <\/div>\r\n<\/form>    <div class=\"wbg-main-wrapper wbg-product-column-4 wbg-product-column-mobile-1 list\">\r\n      <div class=\"wbg-item-list-wrapper\">\r\n\r\n            <div class=\"wbg-item-list-img\">\r\n            <img loading=\"lazy\" decoding=\"async\" width=\"151\" height=\"200\" src=\"https:\/\/swissmedmusica.ch\/wp-content\/uploads\/2024\/06\/106-226x300.webp\" class=\"attachment-0x200 size-0x200 wp-post-image\" alt=\"\" srcset=\"https:\/\/swissmedmusica.ch\/wp-content\/uploads\/2024\/06\/106-226x300.webp 226w, https:\/\/swissmedmusica.ch\/wp-content\/uploads\/2024\/06\/106.webp 316w\" sizes=\"auto, (max-width: 151px) 85vw, 151px\" \/>        <\/div>\r\n            <div class=\"wbg-item-list-detials\">\r\n        <div class=\"wbg-title\">\r\n                        <a class=\"wgb-item-link\" href=\"https:\/\/swissmedmusica.ch\/it\/books\/der-professional-ear-user-implikationen-fuer-die-praevention-diagnostik-und-therapie-von-ohrerkrankungen\/\"  target=&quot;_blank&quot;>\r\n                Der \u00abProfessional Ear User\u00bb \u2013 Implikationen f\u00fcr die Pr\u00e4vention, Diagnostik und Therapie von Ohrerkrankungen            <\/a>\r\n                    <\/div>\r\n\r\n        <div class=\"wbg-rating\">\r\n                    <\/div>\r\n              <div class=\"regular-price\">\r\n          <span class=\"wbgp-price price-after\">&#067;&#072;&#070;0<\/span>      <\/div>\r\n                      <span class=\"loop-author\">\r\n                                                            <a href=\"https:\/\/swissmedmusica.ch\/it\/book-author\/\" class=\"wbg-list-author\">\r\n                        B\u00e4chinger, D., Jecker, R., Hannig, JC. et al.                    <\/a>\r\n                                    <\/span>\r\n                                <div class=\"wbg-description-content\">\r\n                    <p>The professional ear user\u2014implications for the prevention, diagnosis, and treatment of ear diseases<br \/> Published: 21 October 2022, Volume 70,...<\/p>                <\/div>\r\n                        <div class=\"wbg-button-container-loop\">\r\n                    <\/div>\r\n    <\/div>\r\n<\/div><div class=\"wbg-item-list-wrapper\">\r\n\r\n            <div class=\"wbg-item-list-img\">\r\n            <img loading=\"lazy\" decoding=\"async\" width=\"145\" height=\"200\" src=\"https:\/\/swissmedmusica.ch\/wp-content\/uploads\/2023\/11\/9783957862822-217x300.jpg\" class=\"attachment-0x200 size-0x200 wp-post-image\" alt=\"\" srcset=\"https:\/\/swissmedmusica.ch\/wp-content\/uploads\/2023\/11\/9783957862822-217x300.jpg 217w, https:\/\/swissmedmusica.ch\/wp-content\/uploads\/2023\/11\/9783957862822.jpg 600w\" sizes=\"auto, (max-width: 145px) 85vw, 145px\" \/>        <\/div>\r\n            <div class=\"wbg-item-list-detials\">\r\n        <div class=\"wbg-title\">\r\n                        <a class=\"wgb-item-link\" href=\"https:\/\/swissmedmusica.ch\/it\/books\/ueben-hilft-eben-doch\/\"  target=&quot;_blank&quot;>\r\n                \u00dcben hilft eben doch!            <\/a>\r\n                    <\/div>\r\n\r\n        <div class=\"wbg-rating\">\r\n                    <\/div>\r\n              <div class=\"regular-price\">\r\n          <span class=\"wbgp-price price-after\">&#067;&#072;&#070;0<\/span>      <\/div>\r\n                      <span class=\"loop-author\">\r\n                                                            <a href=\"https:\/\/swissmedmusica.ch\/it\/book-author\/\" class=\"wbg-list-author\">\r\n                        Angelika Stockmann                    <\/a>\r\n                                    <\/span>\r\n                                <div class=\"wbg-description-content\">\r\n                    <p>Ein Leitfaden zum l\u00f6sungsorientierten \u00dcben in Pr\u00e4vention und Therapie.<\/p> <p>Angelika Stockmann, urspr\u00fcnglich Cellistin und Cellop\u00e4dagogin, arbeitet seit vielen Jahren in...<\/p>                <\/div>\r\n                        <div class=\"wbg-button-container-loop\">\r\n                    <\/div>\r\n    <\/div>\r\n<\/div><div class=\"wbg-item-list-wrapper\">\r\n\r\n            <div class=\"wbg-item-list-img\">\r\n            <img loading=\"lazy\" decoding=\"async\" width=\"125\" height=\"200\" src=\"https:\/\/swissmedmusica.ch\/wp-content\/uploads\/2023\/08\/9783849704490_10-188x300.png\" class=\"attachment-0x200 size-0x200 wp-post-image\" alt=\"\" srcset=\"https:\/\/swissmedmusica.ch\/wp-content\/uploads\/2023\/08\/9783849704490_10-188x300.png 188w, https:\/\/swissmedmusica.ch\/wp-content\/uploads\/2023\/08\/9783849704490_10.png 628w\" sizes=\"auto, (max-width: 125px) 85vw, 125px\" \/>        <\/div>\r\n            <div class=\"wbg-item-list-detials\">\r\n        <div class=\"wbg-title\">\r\n                        <a class=\"wgb-item-link\" href=\"https:\/\/swissmedmusica.ch\/it\/books\/emotionale-erinnerung-klopfen-als-schluessel-fuer-loesungen\/\"  target=&quot;_blank&quot;>\r\n                Emotionale Erinnerung \u2013 Klopfen als Schl\u00fcssel f\u00fcr L\u00f6sungen            <\/a>\r\n                    <\/div>\r\n\r\n        <div class=\"wbg-rating\">\r\n                    <\/div>\r\n              <div class=\"regular-price\">\r\n          <span class=\"wbgp-price price-after\">&#067;&#072;&#070;0<\/span>      <\/div>\r\n                      <span class=\"loop-author\">\r\n                                                            <a href=\"https:\/\/swissmedmusica.ch\/it\/book-author\/\" class=\"wbg-list-author\">\r\n                        Antonia Pfeiffer                    <\/a>\r\n                                    <\/span>\r\n                                <div class=\"wbg-description-content\">\r\n                    <p>Neurowissenschaftliche Wirkhypothesen der Klopftechniken<br \/> Klopfen \u2013 Update f\u00fcr emotionale Erinnerungen.<br \/> Mit einem Geleitwort von Michael Bohne<br \/> Erscheinungsdatum...<\/p>                <\/div>\r\n                        <div class=\"wbg-button-container-loop\">\r\n                    <\/div>\r\n    <\/div>\r\n<\/div><div class=\"wbg-item-list-wrapper\">\r\n\r\n            <div class=\"wbg-item-list-img\">\r\n            <img loading=\"lazy\" decoding=\"async\" width=\"137\" height=\"200\" src=\"https:\/\/swissmedmusica.ch\/wp-content\/uploads\/2023\/06\/auftrittsaengste-206x300.jpg\" class=\"attachment-0x200 size-0x200 wp-post-image\" alt=\"\" srcset=\"https:\/\/swissmedmusica.ch\/wp-content\/uploads\/2023\/06\/auftrittsaengste-206x300.jpg 206w, https:\/\/swissmedmusica.ch\/wp-content\/uploads\/2023\/06\/auftrittsaengste.jpg 344w\" sizes=\"auto, (max-width: 137px) 85vw, 137px\" \/>        <\/div>\r\n            <div class=\"wbg-item-list-detials\">\r\n        <div class=\"wbg-title\">\r\n                        <a class=\"wgb-item-link\" href=\"https:\/\/swissmedmusica.ch\/it\/books\/auftrittsaengste-bei-musikerinnen-und-musikern\/\"  target=&quot;_blank&quot;>\r\n                Auftritts\u00e4ngste bei Musikerinnen und Musikern:            <\/a>\r\n                    <\/div>\r\n\r\n        <div class=\"wbg-rating\">\r\n                    <\/div>\r\n              <div class=\"regular-price\">\r\n          <span class=\"wbgp-price price-after\">&#067;&#072;&#070;0<\/span>      <\/div>\r\n                      <span class=\"loop-author\">\r\n                                                            <a href=\"https:\/\/swissmedmusica.ch\/it\/book-author\/\" class=\"wbg-list-author\">\r\n                        Jennifer Mumm, Jens Plag, Lydia Fehm et al.                    <\/a>\r\n                                    <\/span>\r\n                                <div class=\"wbg-description-content\">\r\n                    <p>Zahlreiche Musikerinnen und Musiker leiden unter Auftrittsangst. Solche \u00c4ngste gehen \u00fcber blo\u00dfes Lampenfieber hinaus und k\u00f6nnen so stark ausgepr\u00e4gt sein,...<\/p>                <\/div>\r\n                        <div class=\"wbg-button-container-loop\">\r\n                    <\/div>\r\n    <\/div>\r\n<\/div><div class=\"wbg-item-list-wrapper\">\r\n\r\n            <div class=\"wbg-item-list-img\">\r\n            <img loading=\"lazy\" decoding=\"async\" width=\"143\" height=\"200\" src=\"https:\/\/swissmedmusica.ch\/wp-content\/uploads\/2023\/06\/SMM_2009-214x300.jpg\" class=\"attachment-0x200 size-0x200 wp-post-image\" alt=\"\" srcset=\"https:\/\/swissmedmusica.ch\/wp-content\/uploads\/2023\/06\/SMM_2009-214x300.jpg 214w, https:\/\/swissmedmusica.ch\/wp-content\/uploads\/2023\/06\/SMM_2009.jpg 600w\" sizes=\"auto, (max-width: 143px) 85vw, 143px\" \/>        <\/div>\r\n            <div class=\"wbg-item-list-detials\">\r\n        <div class=\"wbg-title\">\r\n                        <a class=\"wgb-item-link\" href=\"https:\/\/swissmedmusica.ch\/it\/books\/gehoer-augen-stimme-und-deren-koordination-beim-musizieren\/\"  target=&quot;_blank&quot;>\r\n                Geh\u00f6r \u2013 Augen \u2013 Stimme und deren Koordination beim Musizieren            <\/a>\r\n                    <\/div>\r\n\r\n        <div class=\"wbg-rating\">\r\n                    <\/div>\r\n              <div class=\"regular-price\">\r\n          <span class=\"wbgp-price price-after\">&#067;&#072;&#070;0<\/span>      <\/div>\r\n                      <span class=\"loop-author\">\r\n                                                            <a href=\"https:\/\/swissmedmusica.ch\/it\/book-author\/\" class=\"wbg-list-author\">\r\n                        Verschiedene                    <\/a>\r\n                                    <\/span>\r\n                                <div class=\"wbg-description-content\">\r\n                    <p>Die Abkl\u00e4rung der Singstimme und deren Behandlung<br \/> Co- Referat<br \/> Dr. med. Albert Sommerhalder, Facharzt ORL, Phoniater, Luzern,<br \/>...<\/p>                <\/div>\r\n                        <div class=\"wbg-button-container-loop\">\r\n                    <\/div>\r\n    <\/div>\r\n<\/div><div class=\"wbg-item-list-wrapper\">\r\n\r\n            <div class=\"wbg-item-list-img\">\r\n            <img loading=\"lazy\" decoding=\"async\" width=\"141\" height=\"200\" src=\"https:\/\/swissmedmusica.ch\/wp-content\/uploads\/2023\/06\/SMM_2006-212x300.jpg\" class=\"attachment-0x200 size-0x200 wp-post-image\" alt=\"\" srcset=\"https:\/\/swissmedmusica.ch\/wp-content\/uploads\/2023\/06\/SMM_2006-212x300.jpg 212w, https:\/\/swissmedmusica.ch\/wp-content\/uploads\/2023\/06\/SMM_2006.jpg 599w\" sizes=\"auto, (max-width: 141px) 85vw, 141px\" \/>        <\/div>\r\n            <div class=\"wbg-item-list-detials\">\r\n        <div class=\"wbg-title\">\r\n                        <a class=\"wgb-item-link\" href=\"https:\/\/swissmedmusica.ch\/it\/books\/musikmedizinische-aspekte-in-der-ausbildung\/\"  target=&quot;_blank&quot;>\r\n                Musikmedizinische Aspekte in der Ausbildung            <\/a>\r\n                    <\/div>\r\n\r\n        <div class=\"wbg-rating\">\r\n                    <\/div>\r\n              <div class=\"regular-price\">\r\n          <span class=\"wbgp-price price-after\">&#067;&#072;&#070;0<\/span>      <\/div>\r\n                      <span class=\"loop-author\">\r\n                                                            <a href=\"https:\/\/swissmedmusica.ch\/it\/book-author\/\" class=\"wbg-list-author\">\r\n                        Verschiedene                    <\/a>\r\n                                    <\/span>\r\n                                <div class=\"wbg-description-content\">\r\n                    <p>Tobias Schabenberger<br \/> Grundfragen der instrumentalp\u00e4dagogischen Ausbildung Klavier <\/p> <p>Katharina Gohl<br \/> Der Instrumentalunterricht von morgen: Streicher. Ein Versuch mit...<\/p>                <\/div>\r\n                        <div class=\"wbg-button-container-loop\">\r\n                    <\/div>\r\n    <\/div>\r\n<\/div><div class=\"wbg-item-list-wrapper\">\r\n\r\n            <div class=\"wbg-item-list-img\">\r\n            <img loading=\"lazy\" decoding=\"async\" width=\"141\" height=\"200\" src=\"https:\/\/swissmedmusica.ch\/wp-content\/uploads\/2023\/06\/SMM_2005-212x300.jpg\" class=\"attachment-0x200 size-0x200 wp-post-image\" alt=\"\" srcset=\"https:\/\/swissmedmusica.ch\/wp-content\/uploads\/2023\/06\/SMM_2005-212x300.jpg 212w, https:\/\/swissmedmusica.ch\/wp-content\/uploads\/2023\/06\/SMM_2005.jpg 598w\" sizes=\"auto, (max-width: 141px) 85vw, 141px\" \/>        <\/div>\r\n            <div class=\"wbg-item-list-detials\">\r\n        <div class=\"wbg-title\">\r\n                        <a class=\"wgb-item-link\" href=\"https:\/\/swissmedmusica.ch\/it\/books\/psychische-belastungen-im-musikerberuf\/\"  target=&quot;_blank&quot;>\r\n                Psychische Belastungen im Musikerberuf            <\/a>\r\n                    <\/div>\r\n\r\n        <div class=\"wbg-rating\">\r\n                    <\/div>\r\n              <div class=\"regular-price\">\r\n          <span class=\"wbgp-price price-after\">&#067;&#072;&#070;0<\/span>      <\/div>\r\n                      <span class=\"loop-author\">\r\n                                                            <a href=\"https:\/\/swissmedmusica.ch\/it\/book-author\/\" class=\"wbg-list-author\">\r\n                        Verschiedene                    <\/a>\r\n                                    <\/span>\r\n                                <div class=\"wbg-description-content\">\r\n                    <p>Ammermann Christof<br \/> Alles psycho.... ? Wie wir als \u201eganze Menschen\u201c funktionieren <\/p> <p>Hildebrandt Horst<br \/> B\u00fchnenkompetenz erlernen > das...<\/p>                <\/div>\r\n                        <div class=\"wbg-button-container-loop\">\r\n                    <\/div>\r\n    <\/div>\r\n<\/div><div class=\"wbg-item-list-wrapper\">\r\n\r\n            <div class=\"wbg-item-list-img\">\r\n            <img loading=\"lazy\" decoding=\"async\" width=\"142\" height=\"200\" src=\"https:\/\/swissmedmusica.ch\/wp-content\/uploads\/2023\/06\/SMM_2004-213x300.jpg\" class=\"attachment-0x200 size-0x200 wp-post-image\" alt=\"\" srcset=\"https:\/\/swissmedmusica.ch\/wp-content\/uploads\/2023\/06\/SMM_2004-213x300.jpg 213w, https:\/\/swissmedmusica.ch\/wp-content\/uploads\/2023\/06\/SMM_2004.jpg 602w\" sizes=\"auto, (max-width: 142px) 85vw, 142px\" \/>        <\/div>\r\n            <div class=\"wbg-item-list-detials\">\r\n        <div class=\"wbg-title\">\r\n                        <a class=\"wgb-item-link\" href=\"https:\/\/swissmedmusica.ch\/it\/books\/die-haende-des-musikers\/\"  target=&quot;_blank&quot;>\r\n                Die H\u00e4nde des Musikers            <\/a>\r\n                    <\/div>\r\n\r\n        <div class=\"wbg-rating\">\r\n                    <\/div>\r\n              <div class=\"regular-price\">\r\n          <span class=\"wbgp-price price-after\">&#067;&#072;&#070;0<\/span>      <\/div>\r\n                      <span class=\"loop-author\">\r\n                                                            <a href=\"https:\/\/swissmedmusica.ch\/it\/book-author\/\" class=\"wbg-list-author\">\r\n                        Verschiedene                    <\/a>\r\n                                    <\/span>\r\n                                <div class=\"wbg-description-content\">\r\n                    <p>Ell Nikolaus<br \/> Handprobleme bei Musikern und deren operative Behandlung<\/p> <p>Mark Gion<br \/> Pianistenh\u00e4nde \u2013 eine Studie <\/p> <p>Diethelm Urban<br...<\/p>                <\/div>\r\n                        <div class=\"wbg-button-container-loop\">\r\n                    <\/div>\r\n    <\/div>\r\n<\/div><div class=\"wbg-item-list-wrapper\">\r\n\r\n            <div class=\"wbg-item-list-img\">\r\n            <img loading=\"lazy\" decoding=\"async\" width=\"141\" height=\"200\" src=\"https:\/\/swissmedmusica.ch\/wp-content\/uploads\/2023\/06\/SMM_2003-212x300.jpg\" class=\"attachment-0x200 size-0x200 wp-post-image\" alt=\"\" srcset=\"https:\/\/swissmedmusica.ch\/wp-content\/uploads\/2023\/06\/SMM_2003-212x300.jpg 212w, https:\/\/swissmedmusica.ch\/wp-content\/uploads\/2023\/06\/SMM_2003.jpg 600w\" sizes=\"auto, (max-width: 141px) 85vw, 141px\" \/>        <\/div>\r\n            <div class=\"wbg-item-list-detials\">\r\n        <div class=\"wbg-title\">\r\n                        <a class=\"wgb-item-link\" href=\"https:\/\/swissmedmusica.ch\/it\/books\/der-gesunde-ruecken-des-musikers\/\"  target=&quot;_blank&quot;>\r\n                Der gesunde R\u00fccken des Musikers            <\/a>\r\n                    <\/div>\r\n\r\n        <div class=\"wbg-rating\">\r\n                    <\/div>\r\n              <div class=\"regular-price\">\r\n          <span class=\"wbgp-price price-after\">&#067;&#072;&#070;0<\/span>      <\/div>\r\n                      <span class=\"loop-author\">\r\n                                                            <a href=\"https:\/\/swissmedmusica.ch\/it\/book-author\/\" class=\"wbg-list-author\">\r\n                        Verschiedene                    <\/a>\r\n                                    <\/span>\r\n                                <div class=\"wbg-description-content\">\r\n                    <p>Aspekte zu funktionellen und strukturellen R\u00fcckenerkrankungen beim Musiker<br \/> Dr. med. Stephan P. Scharf, Orthop\u00e4de <\/p> <p>Der R\u00fccken und die...<\/p>                <\/div>\r\n                        <div class=\"wbg-button-container-loop\">\r\n                    <\/div>\r\n    <\/div>\r\n<\/div><div class=\"wbg-item-list-wrapper\">\r\n\r\n            <div class=\"wbg-item-list-img\">\r\n            <img loading=\"lazy\" decoding=\"async\" width=\"145\" height=\"200\" src=\"https:\/\/swissmedmusica.ch\/wp-content\/uploads\/2023\/06\/SMM_2014-217x300.jpg\" class=\"attachment-0x200 size-0x200 wp-post-image\" alt=\"\" srcset=\"https:\/\/swissmedmusica.ch\/wp-content\/uploads\/2023\/06\/SMM_2014-217x300.jpg 217w, https:\/\/swissmedmusica.ch\/wp-content\/uploads\/2023\/06\/SMM_2014.jpg 590w\" sizes=\"auto, (max-width: 145px) 85vw, 145px\" \/>        <\/div>\r\n            <div class=\"wbg-item-list-detials\">\r\n        <div class=\"wbg-title\">\r\n                        <a class=\"wgb-item-link\" href=\"https:\/\/swissmedmusica.ch\/it\/books\/musizieren-im-alter\/\"  target=&quot;_blank&quot;>\r\n                Musizieren im Alter            <\/a>\r\n                    <\/div>\r\n\r\n        <div class=\"wbg-rating\">\r\n                    <\/div>\r\n              <div class=\"regular-price\">\r\n          <span class=\"wbgp-price price-after\">&#067;&#072;&#070;0<\/span>      <\/div>\r\n                      <span class=\"loop-author\">\r\n                                                            <a href=\"https:\/\/swissmedmusica.ch\/it\/book-author\/\" class=\"wbg-list-author\">\r\n                        Verschiedene                    <\/a>\r\n                                    <\/span>\r\n                                <div class=\"wbg-description-content\">\r\n                    <p>R\u00fcckschritt mit Fortschritt \u2013 Instrumentalspiel und Alter(n) aus Sicht der Musikermedizin<br \/> Prof. Dr. med. Maria Schuppert <\/p> <p>Das plastische...<\/p>                <\/div>\r\n                        <div class=\"wbg-button-container-loop\">\r\n                    <\/div>\r\n    <\/div>\r\n<\/div><div class=\"wbg-item-list-wrapper\">\r\n\r\n            <div class=\"wbg-item-list-img\">\r\n            <img loading=\"lazy\" decoding=\"async\" width=\"147\" height=\"200\" src=\"https:\/\/swissmedmusica.ch\/wp-content\/uploads\/2023\/06\/SMM_2015-221x300.jpg\" class=\"attachment-0x200 size-0x200 wp-post-image\" alt=\"\" srcset=\"https:\/\/swissmedmusica.ch\/wp-content\/uploads\/2023\/06\/SMM_2015-221x300.jpg 221w, https:\/\/swissmedmusica.ch\/wp-content\/uploads\/2023\/06\/SMM_2015.jpg 602w\" sizes=\"auto, (max-width: 147px) 85vw, 147px\" \/>        <\/div>\r\n            <div class=\"wbg-item-list-detials\">\r\n        <div class=\"wbg-title\">\r\n                        <a class=\"wgb-item-link\" href=\"https:\/\/swissmedmusica.ch\/it\/books\/stress-und-musizieren\/\"  target=&quot;_blank&quot;>\r\n                Stress und Musizieren            <\/a>\r\n                    <\/div>\r\n\r\n        <div class=\"wbg-rating\">\r\n                    <\/div>\r\n              <div class=\"regular-price\">\r\n          <span class=\"wbgp-price price-after\">&#067;&#072;&#070;0<\/span>      <\/div>\r\n                      <span class=\"loop-author\">\r\n                                                            <a href=\"https:\/\/swissmedmusica.ch\/it\/book-author\/\" class=\"wbg-list-author\">\r\n                        Verschiedene                    <\/a>\r\n                                    <\/span>\r\n                                <div class=\"wbg-description-content\">\r\n                    <p>Neurowissenschaft und Lernpsychologie als Schl\u00fcssel zu Selbstmanagement<br \/> und Motivation<br \/> Prof. Dr. Adina Mornell<\/p> <p>Lampenfieberforschung und musikalischer Berufsalltag<br \/>...<\/p>                <\/div>\r\n                        <div class=\"wbg-button-container-loop\">\r\n                    <\/div>\r\n    <\/div>\r\n<\/div><div class=\"wbg-item-list-wrapper\">\r\n\r\n            <div class=\"wbg-item-list-img\">\r\n            <img loading=\"lazy\" decoding=\"async\" width=\"125\" height=\"200\" src=\"https:\/\/swissmedmusica.ch\/wp-content\/uploads\/2023\/06\/fvgfdfgfdfv-187x300.jpg\" class=\"attachment-0x200 size-0x200 wp-post-image\" alt=\"\" srcset=\"https:\/\/swissmedmusica.ch\/wp-content\/uploads\/2023\/06\/fvgfdfgfdfv-187x300.jpg 187w, https:\/\/swissmedmusica.ch\/wp-content\/uploads\/2023\/06\/fvgfdfgfdfv.jpg 265w\" sizes=\"auto, (max-width: 125px) 85vw, 125px\" \/>        <\/div>\r\n            <div class=\"wbg-item-list-detials\">\r\n        <div class=\"wbg-title\">\r\n                        <a class=\"wgb-item-link\" href=\"https:\/\/swissmedmusica.ch\/it\/books\/la-salute-del-musicista\/\"  target=&quot;_blank&quot;>\r\n                La Salute del Musicista            <\/a>\r\n                    <\/div>\r\n\r\n        <div class=\"wbg-rating\">\r\n                    <\/div>\r\n              <div class=\"regular-price\">\r\n          <span class=\"wbgp-price price-after\">&#067;&#072;&#070;0<\/span>      <\/div>\r\n                      <span class=\"loop-author\">\r\n                                                            <a href=\"https:\/\/swissmedmusica.ch\/it\/book-author\/\" class=\"wbg-list-author\">\r\n                        V\u00edctor Neila                    <\/a>\r\n                                    <\/span>\r\n                                <div class=\"wbg-description-content\">\r\n                    <p>LA SALUTE DEL MUSICISTA: corpo, mente, lesioni e prevenzione da una prospettiva integrativa\" \u00e8 un libro imprescindibile per ogni musicista,...<\/p>                <\/div>\r\n                        <div class=\"wbg-button-container-loop\">\r\n                    <\/div>\r\n    <\/div>\r\n<\/div><div class=\"wbg-item-list-wrapper\">\r\n\r\n            <div class=\"wbg-item-list-img\">\r\n            <img loading=\"lazy\" decoding=\"async\" width=\"133\" height=\"200\" src=\"https:\/\/swissmedmusica.ch\/wp-content\/uploads\/2023\/06\/fgrefgfr-199x300.jpg\" class=\"attachment-0x200 size-0x200 wp-post-image\" alt=\"\" srcset=\"https:\/\/swissmedmusica.ch\/wp-content\/uploads\/2023\/06\/fgrefgfr-199x300.jpg 199w, https:\/\/swissmedmusica.ch\/wp-content\/uploads\/2023\/06\/fgrefgfr.jpg 284w\" sizes=\"auto, (max-width: 133px) 85vw, 133px\" \/>        <\/div>\r\n            <div class=\"wbg-item-list-detials\">\r\n        <div class=\"wbg-title\">\r\n                        <a class=\"wgb-item-link\" href=\"https:\/\/swissmedmusica.ch\/it\/books\/in-tune-exercises-to-improve-a-musicians-performance-and-quality-of-life\/\"  target=&quot;_blank&quot;>\r\n                In Tune: Exercises to Improve a Musician&#8217;s Performance and Quality of Life            <\/a>\r\n                    <\/div>\r\n\r\n        <div class=\"wbg-rating\">\r\n                    <\/div>\r\n              <div class=\"regular-price\">\r\n          <span class=\"wbgp-price price-after\">&#067;&#072;&#070;0<\/span>      <\/div>\r\n                      <span class=\"loop-author\">\r\n                                                            <a href=\"https:\/\/swissmedmusica.ch\/it\/book-author\/\" class=\"wbg-list-author\">\r\n                        Jaume Rosset-Llobet                    <\/a>\r\n                                    <\/span>\r\n                                <div class=\"wbg-description-content\">\r\n                    <p>In Tune: Exercises to Improve a Musician's Performance and Quality of Life is a one-of-a-kind book with targeted exercises, created...<\/p>                <\/div>\r\n                        <div class=\"wbg-button-container-loop\">\r\n                    <\/div>\r\n    <\/div>\r\n<\/div><div class=\"wbg-item-list-wrapper\">\r\n\r\n            <div class=\"wbg-item-list-img\">\r\n            <img loading=\"lazy\" decoding=\"async\" width=\"155\" height=\"200\" src=\"https:\/\/swissmedmusica.ch\/wp-content\/uploads\/2022\/02\/jhgftzui-233x300.jpg\" class=\"attachment-0x200 size-0x200 wp-post-image\" alt=\"\" srcset=\"https:\/\/swissmedmusica.ch\/wp-content\/uploads\/2022\/02\/jhgftzui-233x300.jpg 233w, https:\/\/swissmedmusica.ch\/wp-content\/uploads\/2022\/02\/jhgftzui.jpg 325w\" sizes=\"auto, (max-width: 155px) 85vw, 155px\" \/>        <\/div>\r\n            <div class=\"wbg-item-list-detials\">\r\n        <div class=\"wbg-title\">\r\n                        <a class=\"wgb-item-link\" href=\"https:\/\/swissmedmusica.ch\/it\/books\/physio-und-mentalcoaching-ganzheitliches-konzept-fuer-musikerinnen\/\"  target=&quot;_blank&quot;>\r\n                Physio- und Mentalcoaching: Ganzheitliches Konzept f\u00fcr Musiker*innen            <\/a>\r\n                    <\/div>\r\n\r\n        <div class=\"wbg-rating\">\r\n                    <\/div>\r\n              <div class=\"regular-price\">\r\n          <span class=\"wbgp-price price-after\">&#067;&#072;&#070;0<\/span>      <\/div>\r\n                      <span class=\"loop-author\">\r\n                                                            <a href=\"https:\/\/swissmedmusica.ch\/it\/book-author\/\" class=\"wbg-list-author\">\r\n                        Susanne Schlusnus                    <\/a>\r\n                                    <\/span>\r\n                        <div class=\"wbg-button-container-loop\">\r\n                    <\/div>\r\n    <\/div>\r\n<\/div><div class=\"wbg-item-list-wrapper\">\r\n\r\n            <div class=\"wbg-item-list-img\">\r\n            <img loading=\"lazy\" decoding=\"async\" width=\"141\" height=\"200\" src=\"https:\/\/swissmedmusica.ch\/wp-content\/uploads\/2020\/09\/414dGd8ZD2L._SX351_BO1204203200_-212x300.jpg\" class=\"attachment-0x200 size-0x200 wp-post-image\" alt=\"\" srcset=\"https:\/\/swissmedmusica.ch\/wp-content\/uploads\/2020\/09\/414dGd8ZD2L._SX351_BO1204203200_-212x300.jpg 212w, https:\/\/swissmedmusica.ch\/wp-content\/uploads\/2020\/09\/414dGd8ZD2L._SX351_BO1204203200_.jpg 353w\" sizes=\"auto, (max-width: 141px) 85vw, 141px\" \/>        <\/div>\r\n            <div class=\"wbg-item-list-detials\">\r\n        <div class=\"wbg-title\">\r\n                        <a class=\"wgb-item-link\" href=\"https:\/\/swissmedmusica.ch\/it\/books\/musikermedizin-in-der-ddr-einschliesslich-der-saenger-und-schauspieler-kommentierte-literaturuebersicht-teil-2-deutsch-2019\/\"  target=&quot;_blank&quot;>\r\n                Musikermedizin in der DDR einschlie\u00dflich der S\u00e4nger und Schauspieler: Kommentierte Literatur\u00fcbersicht \u2013 Teil 2 (Deutsch), 2019            <\/a>\r\n                    <\/div>\r\n\r\n        <div class=\"wbg-rating\">\r\n                    <\/div>\r\n              <div class=\"regular-price\">\r\n          <span class=\"wbgp-price price-after\">&#067;&#072;&#070;0<\/span>      <\/div>\r\n                      <span class=\"loop-author\">\r\n                                                            <a href=\"https:\/\/swissmedmusica.ch\/it\/book-author\/\" class=\"wbg-list-author\">\r\n                        Eileen M. Wanke, Alice Wanke                    <\/a>\r\n                                    <\/span>\r\n                        <div class=\"wbg-button-container-loop\">\r\n                    <\/div>\r\n    <\/div>\r\n<\/div><div class=\"wbg-item-list-wrapper\">\r\n\r\n            <div class=\"wbg-item-list-img\">\r\n            <img loading=\"lazy\" decoding=\"async\" width=\"133\" height=\"200\" src=\"https:\/\/swissmedmusica.ch\/wp-content\/uploads\/2020\/09\/41Sq4KFP0CL-200x300.jpg\" class=\"attachment-0x200 size-0x200 wp-post-image\" alt=\"\" srcset=\"https:\/\/swissmedmusica.ch\/wp-content\/uploads\/2020\/09\/41Sq4KFP0CL-200x300.jpg 200w, https:\/\/swissmedmusica.ch\/wp-content\/uploads\/2020\/09\/41Sq4KFP0CL.jpg 334w\" sizes=\"auto, (max-width: 133px) 85vw, 133px\" \/>        <\/div>\r\n            <div class=\"wbg-item-list-detials\">\r\n        <div class=\"wbg-title\">\r\n                        <a class=\"wgb-item-link\" href=\"https:\/\/swissmedmusica.ch\/it\/books\/musikermedizin-diagnostik-therapie-und-praevention-von-musikerspezifischen-erkrankungen\/\"  target=&quot;_blank&quot;>\r\n                MusikerMedizin: Diagnostik, Therapie und Pr\u00e4vention von musikerspezifischen Erkrankungen            <\/a>\r\n                    <\/div>\r\n\r\n        <div class=\"wbg-rating\">\r\n                    <\/div>\r\n              <div class=\"regular-price\">\r\n          <span class=\"wbgp-price price-after\">&#067;&#072;&#070;0<\/span>      <\/div>\r\n                      <span class=\"loop-author\">\r\n                                                            <a href=\"https:\/\/swissmedmusica.ch\/it\/book-author\/\" class=\"wbg-list-author\">\r\n                        Claudia Spahn, Bernhard Richter, Eckart Altenm\u00fcller (Hrg.)                    <\/a>\r\n                                    <\/span>\r\n                        <div class=\"wbg-button-container-loop\">\r\n                    <\/div>\r\n    <\/div>\r\n<\/div>    <\/div>\r\n    <\/div>\r\n\n","protected":false},"excerpt":{"rendered":"","protected":false},"author":1,"featured_media":0,"parent":0,"menu_order":0,"comment_status":"closed","ping_status":"closed","template":"full-width-page.php","meta":{"footnotes":""},"class_list":["post-53","page","type-page","status-publish","hentry"],"translation":{"provider":"WPGlobus","version":"3.0.5","language":"it","enabled_languages":["de","fr","it","en"],"languages":{"de":{"title":true,"content":true,"excerpt":false},"fr":{"title":false,"content":false,"excerpt":false},"it":{"title":false,"content":false,"excerpt":false},"en":{"title":false,"content":false,"excerpt":false}}},"_links":{"self":[{"href":"https:\/\/swissmedmusica.ch\/it\/wp-json\/wp\/v2\/pages\/53","targetHints":{"allow":["GET"]}}],"collection":[{"href":"https:\/\/swissmedmusica.ch\/it\/wp-json\/wp\/v2\/pages"}],"about":[{"href":"https:\/\/swissmedmusica.ch\/it\/wp-json\/wp\/v2\/types\/page"}],"author":[{"embeddable":true,"href":"https:\/\/swissmedmusica.ch\/it\/wp-json\/wp\/v2\/users\/1"}],"replies":[{"embeddable":true,"href":"https:\/\/swissmedmusica.ch\/it\/wp-json\/wp\/v2\/comments?post=53"}],"version-history":[{"count":6,"href":"https:\/\/swissmedmusica.ch\/it\/wp-json\/wp\/v2\/pages\/53\/revisions"}],"predecessor-version":[{"id":1373,"href":"https:\/\/swissmedmusica.ch\/it\/wp-json\/wp\/v2\/pages\/53\/revisions\/1373"}],"wp:attachment":[{"href":"https:\/\/swissmedmusica.ch\/it\/wp-json\/wp\/v2\/media?parent=53"}],"curies":[{"name":"wp","href":"https:\/\/api.w.org\/{rel}","templated":true}]}}